{"id":1910,"date":"2025-12-09T19:20:24","date_gmt":"2025-12-09T18:20:24","guid":{"rendered":"http:\/\/majaigucio.pl\/?page_id=1910"},"modified":"2025-12-09T19:20:25","modified_gmt":"2025-12-09T18:20:25","slug":"polityka-prywatnosci-2","status":"publish","type":"page","link":"https:\/\/majaigucio.pl\/index.php\/polityka-prywatnosci-2\/","title":{"rendered":"Polityka prywatno\u015bci"},"content":{"rendered":"\n<p class=\"has-text-align-center\"><strong>Polityka prywatno\u015bci Magdalena Szybi\u0144ska Niepubliczne Przedszkole Rekreacyjno- Sportowe ,,Maja i Gucio\u2019\u2019\u00a0(dalej: ,,przedszkole\u2019\u2019)<\/strong><\/p>\n\n\n\n<p class=\"has-text-align-center\"><strong>Klauzula informacyjna RODO<\/strong><\/p>\n\n\n\n<p>W wykonywaniu obowi\u0105zk\u00f3w przewidzianych w Rozporz\u0105dzeniu Parlamentu Europejskiego i Rady (UE) 2016\/679 z dnia 2016 r. w sprawie ochrony os\u00f3b fizycznych w zwi\u0105zku z przetwarzaniem danych osobowych i w sprawie swobodnego przep\u0142ywu takich danych oraz uchylenia dyrektywy 95\/46\/WE (dalej ,,RODO\u201d), przedszkole przekazuje nast\u0119puj\u0105ce informacje:&nbsp;<\/p>\n\n\n\n<p class=\"has-text-align-center\"><strong>1. ADMINISTRATOR DANYCH<\/strong><\/p>\n\n\n\n<p>Administratorem Pa\u0144stwa danych osobowych jest Magdalena Szybi\u0144ska Niepubliczne Przedszkole Rekreacyjno- Sportowe ,,Maja i Gucio\u2019\u2019, ul. Profesora Boles\u0142awa Wiktora Wicherkiewicza 19\/3-4, 40-389 Krak\u00f3w, NIP: 6832002596, REGON: 121318702.&nbsp;<\/p>\n\n\n\n<p class=\"has-text-align-center\"><strong>2. KONTAKT W SPRAWIE DANYCH OSOBOWYCH<\/strong><\/p>\n\n\n\n<p>Mog\u0105 Pa\u0144stwo kierowa\u0107 zapytania na adres korespondencyjny: Magdalena Szybi\u0144ska Niepubliczne Przedszkole Rekreacyjno- Sportowe ,,Maja i Gucio\u2019\u2019, ul. Profesora Boles\u0142awa Wiktora Wicherkiewicza 19\/3-4, 40-389 Krak\u00f3w.&nbsp;<\/p>\n\n\n\n<p class=\"has-text-align-center\"><strong>3. \u0179R\u00d3D\u0141A POZYSKIWANIA DANYCH OSOBOWYCH<\/strong><\/p>\n\n\n\n<p>Dane osobowe dzieci oraz ich rodzic\u00f3w b\u0105d\u017a opiekun\u00f3w prawnych pozyskujemy bezpo\u015brednio od Pa\u0144stwa w procesie rekrutacji do przedszkola, podczas bie\u017c\u0105cej wsp\u00f3\u0142pracy oraz w trakcie korzystania z us\u0142ug opieku\u0144czo-wychowawczych i dydaktycznych przedszkola.&nbsp;<\/p>\n\n\n\n<p>W przypadku danych os\u00f3b upowa\u017cnionych do odbioru dziecka &#8211; ich dane otrzymujemy od rodzica b\u0105d\u017a opiekuna prawnego, kt\u00f3ry je wskazuje. Dane dotycz\u0105ce zdrowia dziecka mog\u0105 pochodzi\u0107 od Pa\u0144stwa w zwi\u0105zku z konieczno\u015bci\u0105 zapewnienia bezpiecze\u0144stwa i w\u0142a\u015bciwej opieki nad dzieckiem.&nbsp;<\/p>\n\n\n\n<p class=\"has-text-align-center\"><strong>4. ZAKRES PRZETWARZANYCH DANYCH OSOBOWYCH<\/strong><\/p>\n\n\n\n<p><strong>Dane dziecka<\/strong><\/p>\n\n\n\n<ul><li>Imi\u0119 i nazwisko, data i miejsce urodzenia, numer PESEL,&nbsp;<\/li><li>Adres zamieszkania lub pobytu,&nbsp;<\/li><li>Informacje o sytuacji rodzinnej,&nbsp;<\/li><li>Informacje o stanie zdrowia, alergiach, specjalnych potrzebach edukacyjnych- je\u017celi s\u0105 niezb\u0119dne dla zapewnienia bezpiecze\u0144stwa, opieki lub wynikaj\u0105 z przepis\u00f3w prawa,&nbsp;<\/li><li>Wizerunek,<\/li><li>Dane zwi\u0105zane z udzia\u0142em w zaj\u0119ciach dodatkowych, wycieczkach, wydarzeniach.&nbsp;<\/li><\/ul>\n\n\n\n<p><strong>Dane rodzic\u00f3w\/opiekun\u00f3w prawnych:<\/strong><\/p>\n\n\n\n<ul><li>Imi\u0119 i nazwisko,&nbsp;<\/li><li>Numer telefonu, adres e-mail,&nbsp;<\/li><li>Adres zamieszkania,&nbsp;<\/li><li>Numer PESEL lub dane dokumentu to\u017csamo\u015bci,&nbsp;<\/li><li>NIP i nazwa firmy- w przypadku rozlicze\u0144,<\/li><li>Podpis.<\/li><\/ul>\n\n\n\n<p><strong>Dane os\u00f3b upowa\u017cnionych do odbioru dziecka:<\/strong><\/p>\n\n\n\n<ul><li>Imi\u0119 i nazwisko,&nbsp;<\/li><li>Numer telefonu,&nbsp;<\/li><li>Dane dokumentu to\u017csamo\u015bci,<\/li><li>Stopie\u0144 pokrewie\u0144stwa lub relacja z dzieckiem (je\u015bli zosta\u0142a wskazana przez rodzica\/opiekuna prawnego)<\/li><li>Podpis.<\/li><\/ul>\n\n\n\n<p class=\"has-text-align-center\"><strong>5.&nbsp; CEL I PODSTAWA PRAWNA PRZETWARZANIA TWOICH DANYCH OSOBOWYCH ORAZ DANYCH TWOJEGO DZIECKA<\/strong><\/p>\n\n\n\n<p>Dane osobowe dzieci, rodzic\u00f3w\/opiekun\u00f3w prawnych oraz os\u00f3b upowa\u017cnionych do odbioru dziecka przetwarzane s\u0105 w celu:&nbsp;<\/p>\n\n\n\n<ul><li>Realizacji obowi\u0105zk\u00f3w dydaktycznych, wychowawczych i opieku\u0144czych (art. 6 ust. 1 lit. c RODO oraz przepisy prawa o\u015bwiatowego),\u00a0<\/li><li>Realizacji obowi\u0105zk\u00f3w wynikaj\u0105cych z powszechnie obowi\u0105zuj\u0105cych przepis\u00f3w prawa, na podstawie ustawy Prawo o\u015bwiatowe, ustawy o systemie o\u015bwiaty, ustawy o systemie informacji o\u015bwiatowej i akt\u00f3w wykonawczych m.in. wype\u0142niania obowi\u0105zku dotycz\u0105cego uzupe\u0142niania i prowadzenia dokumentacji dotycz\u0105cej przebiegu nauczania, dzia\u0142alno\u015bci wychowawczej i opieku\u0144czej (art. 6 ust. 1 lit. c\u00a0 RODO),\u00a0<\/li><li>Zapewnienia bezpiecze\u0144stwa na terenie przedszkola (art. 6 ust. 1 lit. e RODO),\u00a0<\/li><li>Kontaktowania si\u0119 z rodzicami\/opiekunami prawnymi w sprawach zwi\u0105zanych z pobytem dziecka, w tym udzielenia informacji o nag\u0142ym zdarzeniu czy zaistnia\u0142ym niebezpiecze\u0144stwie dotycz\u0105cym dziecka (art. 6 ust. 1 lit. c RODO, art. 9 ust. 2 lit. c RODO),<\/li><li>Realizacji dodatkowych aktywno\u015bci, w\u00a0 tym wycieczek i publikacji wizerunku (art. 6 ust. 1 lit. a RODO),\u00a0<\/li><li>Realizacji obowi\u0105zk\u00f3w finansowych i rozliczeniowych (art. 6 ust. 1 lit.c oraz f RODO),\u00a0<\/li><li>Wykonywania zada\u0144 realizowanych w interesie publicznym \u2013 m.in. w zwi\u0105zku z udzieleniem pomocy psychologicznopedagogicznej dziecku (art. 9 ust. 2 lit. g RODO)<\/li><li>Zapewniania bezpiecze\u0144stwa zdrowotnego dziecka (art. 9 ust. 2 lit. c RODO),<\/li><li>Zapewnienia dzieciom w\u0142a\u015bciwej opieki, od\u017cywiana i metod wychowawczych (art. art. 9 ust. 2 lit. h RODO w zwi\u0105zku z art. 155 ustawy Prawo o\u015bwiatowe).                                                                       <\/li><\/ul>\n\n\n\n<p class=\"has-text-align-center\"><strong>WYM\u00d3G PODANIA DANYCH OSOBOWYCH<\/strong><\/p>\n\n\n\n<p>Podanie danych osobowych w zakresie okre\u015blonym przepisami prawa jest obowi\u0105zkowe i niezb\u0119dne do wykonywania przez Administratora dzia\u0142alno\u015bci dydaktycznej, wychowawczej i opieku\u0144czej. Odmowa ich podania uniemo\u017cliwi wykonywanie tych obowi\u0105zk\u00f3w przez nasz\u0105 plac\u00f3wk\u0119. W pozosta\u0142ym zakresie podanie danych jest dobrowolne.<\/p>\n\n\n\n<p>Odmowa ich podania mo\u017ce wi\u0105za\u0107 si\u0119 z brakiem mo\u017cliwo\u015bci realizacji cel\u00f3w wskazanych powy\u017cej. Dane osobowe nie b\u0119d\u0105 podlega\u0142y profilowaniu ani automatycznemu podejmowaniu decyzji.<\/p>\n\n\n\n<p class=\"has-text-align-center\"><strong>7.&nbsp; PRAWA OS\u00d3B, KT\u00d3RYCH DANE DOTYCZ\u0104<\/strong><\/p>\n\n\n\n<p>Przys\u0142uguje Pa\u0144stwu prawo \u017c\u0105dania od Administratora:<\/p>\n\n\n\n<ul><li>Dost\u0119pu do tre\u015bci swoich danych oraz danych dziecka, na podstawie art. 15 RODO,<\/li><li>Sprostowania swoich danych oraz danych dziecka, na podstawie art. 16 RODO,<\/li><li>Usuni\u0119cia swoich danych oraz danych dziecka, na podstawie art. 17 RODO (\u201cprawo do bycia zapomnianym\u201d),<\/li><li>Ograniczenia ich przetwarzania (na przyk\u0142ad tylko do przechowywania danych), na podstawie art. 18 RODO,<\/li><li>Informacji o odbiorcach Twoich danych osobowych i danych osobowych Twojego dziecka (art. 19 RODO),&nbsp;<\/li><li>Przeniesienia swoich danych oraz danych osobowych swojego dziecka (art. 20 RODO)<\/li><\/ul>\n\n\n\n<p>\u017b\u0105dania z zakresu przetwarzania danych osobowych mog\u0105 Pa\u0144stwo zg\u0142asza\u0107&nbsp;na adres korespondencyjny administratora danych osobowych. Przys\u0142uguje Pa\u0144stwo tak\u017ce prawo do wniesienia w dowolnym momencie sprzeciwu wobec przetwarzania swoich danych osobowych lub danych osobowych swojego dziecka. Mog\u0105 Pa\u0144stwo tak\u017ce w dowolnym momencie cofn\u0105\u0107 swoj\u0105 zgod\u0119 na przetwarzanie przez przedszkole danych osobowych, je\u015bli ich przetwarzanie odbywa si\u0119 na podstawie Pa\u0144stwa zgody.&nbsp;<\/p>\n\n\n\n<p>Maj\u0105 Pa\u0144stwo prawo wnie\u015b\u0107 skarg\u0119 do organu nadzorczego, kt\u00f3rym jest Prezes Urz\u0119du Ochrony Danych Osobowych (adres: ul. Stanis\u0142awa Moniuszki 1A, 00-014 Warszawa). Z uprawnie\u0144 tych mo\u017cesz skorzysta\u0107, gdy:<\/p>\n\n\n\n<ul><li>w odniesieniu do \u017c\u0105dania dost\u0119pu do danych: chc\u0105 si\u0119 Pa\u0144stwo dowiedzie\u0107, czy przedszkole przetwarza Pa\u0144stwa dane i dane Pa\u0144stwa dziecka, a je\u015bli tak, to m.in. na jakiej podstawie, w jakim zakresie oraz w jakim celu.<\/li><li>w odniesieniu do \u017c\u0105dania sprostowania danych: gdy stwierdz\u0105 Pa\u0144stwo, \u017ce Pa\u0144stwa dane lub dane Pa\u0144stwa dziecka s\u0105 nieprawid\u0142owe lub niekompletne;<\/li><li>w odniesieniu do \u017c\u0105dania usuni\u0119cia danych: w przypadkach okre\u015blonych w art. 17 RODO;<\/li><li>w odniesieniu do \u017c\u0105dania ograniczenia przetwarzania danych: w przypadkach okre\u015blonych w art. 18 RODO \u2013 w\u00f3wczas Pa\u0144stwa dane i dane Pa\u0144stwa dziecka b\u0119d\u0105 przez przedszkole tylko przechowywane, za\u015b ich przetwarzanie w pozosta\u0142ym zakresie b\u0119dzie wymaga\u0107 Pa\u0144stwa zgody, chyba \u017ce wyst\u0105pi\u0105 inne okoliczno\u015bci, o kt\u00f3rych mowa w art. 18 ust. 2 RODO.<\/li><li>w odniesieniu do \u017c\u0105dania przeniesienia danych: je\u015bli potrzebuj\u0105 Pa\u0144stwo otrzyma\u0107 zbi\u00f3r przetwarzanych przez przedszkole danych w celu przes\u0142ania ich innemu podmiotowi.&nbsp;<\/li><\/ul>\n\n\n\n<p class=\"has-text-align-center\"><strong>8.&nbsp; ODBIORCY DANYCH OSOBOWYCH:<\/strong><\/p>\n\n\n\n<ul><li>Kuratorium o\u015bwiaty oraz inne publiczne organy nadzoru,&nbsp;<\/li><li>LiveKid sp. z o.o. z siedzib\u0105 we Wroc\u0142awiu, NIP 6772427670.<\/li><li>Meta Platforms Ireland Limited, 4 Grand Canal Square, Grand Canal Harbour, Dublin 2, Ireland,<\/li><li>Podmioty, kt\u00f3re prowadz\u0105 obs\u0142ug\u0119 techniczno-administracyjn\u0105 systemu informatycznego przedszkola,&nbsp;<\/li><li>Podmioty wsp\u00f3\u0142pracuj\u0105ce z przedszkolem na podstawie um\u00f3w cywilnoprawnych,<\/li><li>Firmy ubezpieczeniowe,&nbsp;<\/li><li>Instytucje uprawnione na mocy przepis\u00f3w prawa, w tym podmioty publiczne upowa\u017cnione ustawowo do rozlicze\u0144 oraz ewidencji dzieci przedszkolnych, &nbsp;<\/li><li>Kancelaria prawna &#8211; w celach porad prawnych oraz realizacji praw przedszkola.&nbsp;<\/li><li>Za Pa\u0144stwa zgod\u0105 &#8211; tak\u017ce innym podmiotom.&nbsp;<\/li><\/ul>\n\n\n\n<p class=\"has-text-align-center\"><strong>9. OKRES PRZECHOWYANIA DANYCH OSOBOWYCH<\/strong><\/p>\n\n\n\n<p>Dane osobowe przechowujemy tylko przez czas niezb\u0119dny do realizacji cel\u00f3w, dla kt\u00f3rych zosta\u0142y zebrane, oraz przez okresy wynikaj\u0105ce bezpo\u015brednio z przepis\u00f3w prawa. Oznacza to, \u017ce:&nbsp;<\/p>\n\n\n\n<ul><li>Dokumentacja przedszkolna (m.in. karty dziecka, dokumentacja przebiegu nauczania)- przechowujemy zgodnie z Jednolitym Rzeczowym Wykazem Akt oraz przepisami prawa o\u015bwiatowego- przez okres od 5 do 25 lat, w zale\u017cno\u015bci od kategorii archiwalnej konkretnego rodzaju dokumentacji.&nbsp;<\/li><li>Dane zwi\u0105zane z rekrutacj\u0105 przechowywane s\u0105:&nbsp;<\/li><\/ul>\n\n\n\n<ul><li>W przypadku przyj\u0119cia dziecka- zgodnie z zasadami dotycz\u0105cymi dokumentacji przedszkolnej,&nbsp;<\/li><li>W przypadku nieprzyj\u0119cia dziecka- przez okres 1 roku (lub do czasu zako\u0144czenia post\u0119powania odwo\u0142awczego, je\u015bli trwa)<\/li><\/ul>\n\n\n\n<ul><li>Dane przetwarzane na potrzeby rozlicze\u0144 finansowych przechowujemy przez okres wynikaj\u0105cy z przepis\u00f3w podatkowych i rachunkowych, tj. 5 lat od ko\u0144ca roku, w kt\u00f3rym powsta\u0142 obowi\u0105zek podatkowy.&nbsp;<\/li><li>Dane przetwarzane na podstawie zgody przechowujemy do czasu wycofania zgody lub do momentu, w kt\u00f3rym dane stan\u0105 si\u0119 nieaktualne. Wycofanie zgodny nie wp\u0142ywa na przetwarzanie dokonane przed jej wycofaniem.<\/li><\/ul>\n\n\n\n<p class=\"has-text-align-center\"><strong>10. PRZEKAZYWANIE DANYCH DO PA\u0143STWA SPOZA EUROPEJSKIEGO OBSZARU GOSPODARCZEGO<\/strong><\/p>\n\n\n\n<p>Dane nie s\u0105 przekazywane poza Europejski Obszar Gospodarczy, chyba \u017ce administrator wdro\u017cy odpowiednie zabezpieczenia zgodne z RODO.&nbsp;<\/p>\n\n\n\n<p class=\"has-text-align-center\"><strong>11. ZAUTOMATYZOWANE PODEJMOWANIE DECYZJI<\/strong><\/p>\n\n\n\n<p>Dane nie b\u0119d\u0105 wykorzystywane do zautomatyzowanego podejmowania decyzji ani profilowania.&nbsp;<\/p>\n","protected":false},"excerpt":{"rendered":"<p>Polityka prywatno\u015bci Magdalena Szybi\u0144ska Niepubliczne Przedszkole Rekreacyjno- Sportowe ,,Maja i Gucio\u2019\u2019\u00a0(dalej: ,,przedszkole\u2019\u2019) Klauzula informacyjna RODO W wykonywaniu obowi\u0105zk\u00f3w przewidzianych w Rozporz\u0105dzeniu Parlamentu Europejskiego i Rady (UE) 2016\/679 z dnia 2016 r. w sprawie ochrony os\u00f3b fizycznych w zwi\u0105zku z przetwarzaniem &hellip; <\/p>\n","protected":false},"author":1,"featured_media":0,"parent":0,"menu_order":0,"comment_status":"closed","ping_status":"closed","template":"","meta":{"_mi_skip_tracking":false},"_links":{"self":[{"href":"https:\/\/majaigucio.pl\/index.php\/wp-json\/wp\/v2\/pages\/1910"}],"collection":[{"href":"https:\/\/majaigucio.pl\/index.php\/wp-json\/wp\/v2\/pages"}],"about":[{"href":"https:\/\/majaigucio.pl\/index.php\/wp-json\/wp\/v2\/types\/page"}],"author":[{"embeddable":true,"href":"https:\/\/majaigucio.pl\/index.php\/wp-json\/wp\/v2\/users\/1"}],"replies":[{"embeddable":true,"href":"https:\/\/majaigucio.pl\/index.php\/wp-json\/wp\/v2\/comments?post=1910"}],"version-history":[{"count":3,"href":"https:\/\/majaigucio.pl\/index.php\/wp-json\/wp\/v2\/pages\/1910\/revisions"}],"predecessor-version":[{"id":1913,"href":"https:\/\/majaigucio.pl\/index.php\/wp-json\/wp\/v2\/pages\/1910\/revisions\/1913"}],"wp:attachment":[{"href":"https:\/\/majaigucio.pl\/index.php\/wp-json\/wp\/v2\/media?parent=1910"}],"curies":[{"name":"wp","href":"https:\/\/api.w.org\/{rel}","templated":true}]}}