{"id":1016,"date":"2018-11-09T18:55:54","date_gmt":"2018-11-09T18:55:54","guid":{"rendered":"http:\/\/majaigucio.pl\/?page_id=1016"},"modified":"2025-08-08T17:42:53","modified_gmt":"2025-08-08T15:42:53","slug":"rekrutacja-maja-i-gucio-2","status":"publish","type":"page","link":"https:\/\/majaigucio.pl\/index.php\/przedszkole-maja-i-gucio-2-os-avia-1\/rekrutacja-maja-i-gucio-2\/","title":{"rendered":"Rekrutacja Maja i Gucio 2"},"content":{"rendered":"<h3>Zasady rekrutacji<\/h3>\n<ol>\n<li>Przedszkole przeprowadza rekrutacj\u0119 w oparciu o zasad\u0119 powszechnej dost\u0119pno\u015bci.<\/li>\n<li>O przyj\u0119ciu do przedszkola decyduje kolejno\u015b\u0107 z\u0142o\u017conych <strong>KART ZG\u0141OSZE\u0143,<\/strong><br \/>\nkt\u00f3re mo\u017cna pobra\u0107 w poni\u017cszym za\u0142\u0105czniku lub osobi\u015bcie w przedszkolu.<\/li>\n<li>Podstaw\u0105 przyj\u0119cia dziecka do przedszkola jest uko\u0144czone 2,5 lat, podpisanie umowy<br \/>\no przeprowadzenie nauczania dziecka i wp\u0142ata wpisowego.<\/li>\n<li>Dzieci mog\u0105 by\u0107 przyjmowane w ci\u0105gu roku szkolnego, je\u017celi przedszkole dysponuje wolnymi miejscami.<\/li>\n<\/ol>\n<p><a title=\"Karta Zg\u0142oszenia Os. Avia\" href=\"http:\/\/majaigucio.pl\/wp-content\/uploads\/2019\/02\/Karta-zg\u0142oszenia-dziecka-do-przedszkola-Avia.doc\"><strong>Karta Zg\u0142oszenia<\/strong><\/a><\/p>\n<h3>Wyprawka przedszkolaka<\/h3>\n<ul>\n<li>Przytulanka na dobry humor i odwag\u0119!<\/li>\n<li>Pantofle (podpisane w \u015brodku).<\/li>\n<li>Dodatkowe ubranka i bielizna na zmian\u0119.<\/li>\n<li>Pampersy, mokre chusteczki.<\/li>\n<li>Szczoteczka i pasta do z\u0119b\u00f3w (podpisane).<\/li>\n<li>Poduszka, po\u015bciel lub kocyk w poszewce, prze\u015bcierad\u0142o z gumk\u0105 \u2013 podpisane<br \/>\n(wymiary le\u017caczka 70 cm\/140 cm).<\/li>\n<li>Pi\u017camka.<\/li>\n<li>Nakrycie g\u0142owy stosowne do pory roku.<\/li>\n<li>Krem przeciws\u0142oneczny.<\/li>\n<\/ul>\n","protected":false},"excerpt":{"rendered":"<p>Zasady rekrutacji Przedszkole przeprowadza rekrutacj\u0119 w oparciu o zasad\u0119 powszechnej dost\u0119pno\u015bci. O przyj\u0119ciu do przedszkola decyduje kolejno\u015b\u0107 z\u0142o\u017conych KART ZG\u0141OSZE\u0143, kt\u00f3re mo\u017cna pobra\u0107 w poni\u017cszym za\u0142\u0105czniku lub osobi\u015bcie w przedszkolu. Podstaw\u0105 przyj\u0119cia dziecka do przedszkola jest uko\u0144czone 2,5 lat, podpisanie &hellip; <\/p>\n","protected":false},"author":1,"featured_media":0,"parent":1004,"menu_order":0,"comment_status":"closed","ping_status":"open","template":"","meta":{"_mi_skip_tracking":false},"_links":{"self":[{"href":"https:\/\/majaigucio.pl\/index.php\/wp-json\/wp\/v2\/pages\/1016"}],"collection":[{"href":"https:\/\/majaigucio.pl\/index.php\/wp-json\/wp\/v2\/pages"}],"about":[{"href":"https:\/\/majaigucio.pl\/index.php\/wp-json\/wp\/v2\/types\/page"}],"author":[{"embeddable":true,"href":"https:\/\/majaigucio.pl\/index.php\/wp-json\/wp\/v2\/users\/1"}],"replies":[{"embeddable":true,"href":"https:\/\/majaigucio.pl\/index.php\/wp-json\/wp\/v2\/comments?post=1016"}],"version-history":[{"count":19,"href":"https:\/\/majaigucio.pl\/index.php\/wp-json\/wp\/v2\/pages\/1016\/revisions"}],"predecessor-version":[{"id":1903,"href":"https:\/\/majaigucio.pl\/index.php\/wp-json\/wp\/v2\/pages\/1016\/revisions\/1903"}],"up":[{"embeddable":true,"href":"https:\/\/majaigucio.pl\/index.php\/wp-json\/wp\/v2\/pages\/1004"}],"wp:attachment":[{"href":"https:\/\/majaigucio.pl\/index.php\/wp-json\/wp\/v2\/media?parent=1016"}],"curies":[{"name":"wp","href":"https:\/\/api.w.org\/{rel}","templated":true}]}}